{"id":257,"date":"2015-12-14T20:14:35","date_gmt":"2015-12-14T20:14:35","guid":{"rendered":"http:\/\/bankgarden.se\/?page_id=257"},"modified":"2015-12-14T20:14:35","modified_gmt":"2015-12-14T20:14:35","slug":"kulturfestival-131102","status":"publish","type":"page","link":"https:\/\/bankgarden.se\/?page_id=257","title":{"rendered":"Kulturfestival 131102"},"content":{"rendered":"<p>Sm\u00e5lands kulturfestival och Stiftelsen Gamla Bankg\u00e5rden i Vrigstad anordnade l\u00f6rdagen den 2 november en mycket uppskattad f\u00f6rest\u00e4llning under rubriken &#8221;Emigrantvisor och utvandrar\u00f6den&#8221;.<\/p>\n<p>Salen i Dahlska v\u00e5ningen i Gamla Bankg\u00e5rden var fullsatt d\u00e5 sk\u00e5despelaren och trubaduren Mats Sturesson, fr\u00e5n Regionteatern i V\u00e4xj\u00f6, sj\u00f6ng och emigrantforskaren och tidigare ordf\u00f6randen i Stiftelsen Gamla Bankg\u00e5rden Stig Marz ber\u00e4ttade\u00a0bl.a. om bygdens utvandrare.<\/p>\n<p><a href=\"https:\/\/media.bankgarden.se\/2015\/12\/Bank_kultur131.jpg\" rel=\"attachment wp-att-258\"><img loading=\"lazy\" decoding=\"async\" class=\"alignnone size-full wp-image-258\" src=\"https:\/\/media.bankgarden.se\/2015\/12\/Bank_kultur131.jpg\" alt=\"Bank_kultur131\" width=\"700\" height=\"462\" srcset=\"https:\/\/media.bankgarden.se\/2015\/12\/Bank_kultur131.jpg 700w, https:\/\/media.bankgarden.se\/2015\/12\/Bank_kultur131-300x198.jpg 300w\" sizes=\"auto, (max-width: 700px) 100vw, 700px\" \/><\/a> <a href=\"https:\/\/media.bankgarden.se\/2015\/12\/Bank_kultur132.jpg\" rel=\"attachment wp-att-259\"><img loading=\"lazy\" decoding=\"async\" class=\"alignnone size-full wp-image-259\" src=\"https:\/\/media.bankgarden.se\/2015\/12\/Bank_kultur132.jpg\" alt=\"Bank_kultur132\" width=\"700\" height=\"461\" srcset=\"https:\/\/media.bankgarden.se\/2015\/12\/Bank_kultur132.jpg 700w, https:\/\/media.bankgarden.se\/2015\/12\/Bank_kultur132-300x198.jpg 300w\" sizes=\"auto, (max-width: 700px) 100vw, 700px\" \/><\/a> <a href=\"https:\/\/media.bankgarden.se\/2015\/12\/Bank_kultur133.jpg\" rel=\"attachment wp-att-260\"><img loading=\"lazy\" decoding=\"async\" class=\"alignnone size-full wp-image-260\" src=\"https:\/\/media.bankgarden.se\/2015\/12\/Bank_kultur133.jpg\" alt=\"Bank_kultur133\" width=\"700\" height=\"433\" srcset=\"https:\/\/media.bankgarden.se\/2015\/12\/Bank_kultur133.jpg 700w, https:\/\/media.bankgarden.se\/2015\/12\/Bank_kultur133-300x186.jpg 300w\" sizes=\"auto, (max-width: 700px) 100vw, 700px\" \/><\/a><\/p>\n","protected":false},"excerpt":{"rendered":"<p>Sm\u00e5lands kulturfestival och Stiftelsen Gamla Bankg\u00e5rden i Vrigstad anordnade l\u00f6rdagen den 2 november en mycket uppskattad f\u00f6rest\u00e4llning under rubriken &#8221;Emigrantvisor<\/p>\n","protected":false},"author":1,"featured_media":0,"parent":0,"menu_order":0,"comment_status":"closed","ping_status":"closed","template":"","meta":{"colormag_page_container_layout":"default_layout","colormag_page_sidebar_layout":"default_layout","footnotes":""},"class_list":["post-257","page","type-page","status-publish","hentry"],"_links":{"self":[{"href":"https:\/\/bankgarden.se\/index.php?rest_route=\/wp\/v2\/pages\/257","targetHints":{"allow":["GET"]}}],"collection":[{"href":"https:\/\/bankgarden.se\/index.php?rest_route=\/wp\/v2\/pages"}],"about":[{"href":"https:\/\/bankgarden.se\/index.php?rest_route=\/wp\/v2\/types\/page"}],"author":[{"embeddable":true,"href":"https:\/\/bankgarden.se\/index.php?rest_route=\/wp\/v2\/users\/1"}],"replies":[{"embeddable":true,"href":"https:\/\/bankgarden.se\/index.php?rest_route=%2Fwp%2Fv2%2Fcomments&post=257"}],"version-history":[{"count":1,"href":"https:\/\/bankgarden.se\/index.php?rest_route=\/wp\/v2\/pages\/257\/revisions"}],"predecessor-version":[{"id":261,"href":"https:\/\/bankgarden.se\/index.php?rest_route=\/wp\/v2\/pages\/257\/revisions\/261"}],"wp:attachment":[{"href":"https:\/\/bankgarden.se\/index.php?rest_route=%2Fwp%2Fv2%2Fmedia&parent=257"}],"curies":[{"name":"wp","href":"https:\/\/api.w.org\/{rel}","templated":true}]}}