{"id":66,"date":"2015-12-01T14:59:06","date_gmt":"2015-12-01T14:59:06","guid":{"rendered":"http:\/\/bankgarden.se\/?page_id=66"},"modified":"2015-12-27T17:48:41","modified_gmt":"2015-12-27T17:48:41","slug":"a-f-netherwood","status":"publish","type":"page","link":"https:\/\/bankgarden.se\/?page_id=66","title":{"rendered":"A F Netherwood"},"content":{"rendered":"<p><a href=\"https:\/\/media.bankgarden.se\/2015\/12\/Dahl_Netherwood.jpg\" rel=\"attachment wp-att-60\"><img loading=\"lazy\" decoding=\"async\" class=\"size-full wp-image-60 alignleft\" src=\"https:\/\/media.bankgarden.se\/2015\/12\/Dahl_Netherwood.jpg\" alt=\"Dahl_Netherwood\" width=\"350\" height=\"525\" srcset=\"https:\/\/media.bankgarden.se\/2015\/12\/Dahl_Netherwood.jpg 350w, https:\/\/media.bankgarden.se\/2015\/12\/Dahl_Netherwood-200x300.jpg 200w\" sizes=\"auto, (max-width: 350px) 100vw, 350px\" \/><\/a><\/p>\n<p>I f\u00f6rmaket, i Dahlska v\u00e5ningen i Gamla Bankg\u00e5rden i Vrigstad, h\u00e4nger en imponerande oljem\u00e5lning i en lika imponerande ram. M\u00e5lningen \u00e4r gjord \u00e5r 1801 av konstn\u00e4ren Per Krafft d.y. och f\u00f6rest\u00e4ller Adam Fredrik Netherwood f\u00f6dd 1770 p\u00e5 g\u00e5rden Byestad, som ligger mellan Nye och \u00d6sterkorsberga s\u00f6der om Vetlanda. Bakom tavlans tillkomst d\u00f6ljer sig f\u00f6ljande historia.<\/p>\n<p>Adam Fredrik l\u00e4mnade tidigt f\u00f6r\u00e4ldrahemmet och hans \u00e4ventyrliga men korta levnad b\u00f6rjade 1789 d\u00e5 han deltog i finska kriget. Efter goda insatser befordrades han till l\u00f6jtnant vid J\u00f6nk\u00f6pings regemente och kom 1793 till Livdrabantk\u00e5ren, d.v.s. den kungliga vakten.<\/p>\n<p>Den l\u00e5nge, elegante officeren deltog flitigt i n\u00f6jeslivet, \u00e4ven p\u00e5 allra h\u00f6gsta niv\u00e5. Till en hovbal hade han en g\u00e5ng inbjudit en av sina systrar, som med gladaste f\u00f6rv\u00e4ntningar reste den l\u00e5nga v\u00e4gen fr\u00e5n Byestad till Stockholm. Men resan slutade mycket sorgligt. Mitt under balen drabbades systern av blodst\u00f6rtning och dog.<\/p>\n<p>I likhet med andra \u00e4relystna unga m\u00e4n p\u00e5 den tiden h\u00f6ll sig Adam Fredrik g\u00e4rna inom synh\u00e5ll f\u00f6r kungligheten. I oktober 1795 tj\u00e4nstgjorde han i vakten p\u00e5 Drottningholms slott, d\u00e4r hertig Carl (sedermera Carl XIII) d\u00e5 residerade. En kv\u00e4ll d\u00e5 hertigen var p\u00e5 utg\u00e5ende \u2013 han skulle, s\u00e4gs det, bes\u00f6ka sin v\u00e4ninna Gustafva Charlotta Slottsberg \u2013 small ett skott utanf\u00f6r slottet. Adam Fredrik kom inspringande i vaktrummet och ber\u00e4ttade att han anfallits av tre m\u00e4n, vilka sannolikt tagit miste p\u00e5 honom och hertigen. G\u00e4rningsm\u00e4nnen hade \u00e4mnat d\u00f6da hertigen men ist\u00e4llet skjutit p\u00e5 Adam Fredrik \u2013 han visade skotth\u00e5let p\u00e5 sin uniformsrock. Det blev emellertid snart klart att Adam Fredrik sj\u00e4lv skjutit skottet. Man trodde f\u00f6r \u00f6vrigt att G. A. Reuterholm haft ett finger med i spelet, kanske f\u00f6r att f\u00f6rs\u00f6ka visa vilka farligheter som omgav hertigen.<\/p>\n<p>Alltnog, n\u00e4r Adam Fredrik strax efter\u00e5t l\u00e4mnade landet, s\u00e5 fick han genom Reuterholm en rundlig reskassa. Netherwood styrde kosan till Frankrike, d\u00e4r namnet Napoleon Bonaparte nu var p\u00e5 allas l\u00e4ppar. Det dr\u00f6jde inte l\u00e4nge f\u00f6rr\u00e4n Adam Fredrik red som ryttm\u00e4stare vid 5:e franska husarregementet och fick medf\u00f6lja p\u00e5 Bonapartes \u00e4ventyrliga egyptiska f\u00e4ltt\u00e5g.<\/p>\n<p><span style=\"font-family: Verdana, Arial, Helvetica, sans-serif; font-size: small;\">I slaget vid Heliapolis r\u00e5kade Netherwood i handgem\u00e4ng med Ismael Pascha. Efter en vild f\u00e4ktning h\u00f6gg Netherwood huvudet av pashan och tog dennes kroksabel som segertecken. Till bel\u00f6ning f\u00f6r sina f\u00f6rtj\u00e4nstfulla insatser i Egypten utn\u00e4mndes Netherwood till brigadchef, d.v.s. n\u00e4rmast motsvarande general. <\/span><\/p>\n<p>D\u00e4r nere i Afrikas hetta, t\u00f6rst, sand, stank och pest l\u00e4ngtade Adam Fredrik till Sverige, till Byestad och till sin trolovade. Han lyckades f\u00e5 tj\u00e4nstledighet och en s\u00f6ndag p\u00e5 v\u00e5ren 1800 sitter Adam Fredrik i Byestads-b\u00e4nken i \u00d6sterkorsberga kyrka och lyssnar p\u00e5 predikan. Nog var man p\u00e5 den tiden van vid granna uniformer men Adam Fredriks r\u00f6da husarkollett med svart skinn och mycket guld \u00f6vertr\u00e4ffade dock vad som dittills hade sk\u00e5dats i \u00d6sterkorsberga. N\u00e4r gudstj\u00e4nsten slutat samlades en m\u00e4ngd m\u00e4nniskor utanf\u00f6r kyrkan och beundrade Adam Fredriks eleganta ekipage, som v\u00e4ntade nere p\u00e5 v\u00e4gen. De livliga h\u00e4starna tyglades av Adam Fredriks m\u00f6rkhyade nubiske betj\u00e4nt, if\u00f6rd turban och f\u00e4rggrann kostym. S\u00e5 kom Adam Fredrik ut fr\u00e5n kyrkan. I folkmassan igenk\u00e4nde han sin gamla barnjungfru som han, trots hennes blyga protester, tog under armen och placerade vid sin sida i vagnen. Nubiern klatschade med piskan och s\u00e5 rullade ekipaget i v\u00e4g till Byestad.<\/p>\n<p>Men permissionen nalkades sitt slut. Adam Fredrik tog farv\u00e4l av de sina och antr\u00e4dde \u00e5terf\u00e4rden till Frankrike. P\u00e5 v\u00e4gen stannade han ett slag i Norrk\u00f6ping f\u00f6r att se p\u00e5 st\u00e5ten vid Gustaf IV Adolfs kr\u00f6ning. Sj\u00e4lv gjorde Adam Fredrik ett st\u00e5tligt och uppm\u00e4rksammat blickf\u00e5ng, nu skrudad i r\u00f6d uniformsrock och svarta trik\u00e5smala benkl\u00e4der. Nedtill avslutades elegansen med ridst\u00f6vlar av lackskinn.<\/p>\n<p>S\u00e5 fortsattes f\u00e4rden till Em, d\u00e4r han fick tillbringa lyckliga stunder tillsammans med sin trolovade fr\u00f6ken Ulfsparre. I v\u00e5rskymningen vid Em\u00e5ns strand gav de varandra f\u00f6rnyade l\u00f6ften om evig k\u00e4rlek och trohet f\u00f6r livet. De lovade att skriva till varandra s\u00e5 ofta de kunde och snart, snart skulle han \u00e5terv\u00e4nda till Sverige och till sin brud. Till en b\u00f6rjan skrev Adam Fredrik regelbundet till henne som v\u00e4ntade s\u00e5 intensivt. Men tiden gick och s\u00e5 sm\u00e5ningom upph\u00f6rde breven fr\u00e5n Adam Fredrik.<\/p>\n<p>\u00c5r 1803 befinner han sig p\u00e5 andra sidan Atlanten som chef f\u00f6r den milit\u00e4rstyrka, vilken s\u00e4nts till S:t Domingo f\u00f6r att kuva de upproriska negrerna. Han f\u00f6r\u00e4lskade sig i guvern\u00f6rens dotter den vackra kreolskan Marie Th\u00e9r\u00e9se Lemit, som ber honom att stanna p\u00e5 S:t Domingo. Liksom andra sk\u00f6na kvinnor hade hon l\u00e4tt att \u00f6vertala m\u00e4n och det dr\u00f6jde inte l\u00e4nge f\u00f6rr\u00e4n Adam Fredrik b\u00f6rjar ordna f\u00f6r en gemensam framtid med Marie Th\u00e9r\u00e9se, bl.a. k\u00f6per han en v\u00e4rdefull och v\u00e4lbel\u00e4gen fastighet d\u00e4r de skall bo.<\/p>\n<p>En natt d\u00e5 han inspekterade sina trupper tr\u00e4ffades han av en pil fr\u00e5n upprorsm\u00e4nnen. Det s\u00e4gs att pilen var f\u00f6rgiftad, ty fast\u00e4n s\u00e5ret f\u00f6ref\u00f6ll obetydligt insjuknade Netherwood allvarligt. H\u00e4ndelsen p\u00e5skyndade gifterm\u00e5let med Marie Th\u00e9r\u00e9se. Redan tv\u00e5 dagar efter det han s\u00e5rats uppr\u00e4ttades \u00e4ktenskapskontraktet mellan de tv\u00e5. Detta kontrakt \u2013 vilket n\u00e4rmast kan betecknas s\u00e5som ett inb\u00f6rdes testamente \u2013 \u00e4r daterat \u201d 11 Germinal an 11:e, ou le premier avril mil huit cent trois\u201d (1 april 1803). S\u00e5vitt man vet var l\u00f6jtnanten Axel Lagercrantz den ende svensk, som bevistade br\u00f6llopet.<\/p>\n<p>Sjukdomen sl\u00e4ppte inte sitt grepp, den 26 april 1803 dog Adam Fredrik Netherwood endast 33 \u00e5r gammal. Hans unga \u00e4nka flyttade till Paris och skrev d\u00e4rifr\u00e5n de mest \u00e4lskv\u00e4rda och r\u00f6rande brev till sin sv\u00e4rfar kaptenen Magnus Wilhelm Netherwood p\u00e5 Byestad. Men hon fick aldrig n\u00e5got svar. Den gamle kaptenen t\u00e4nkte kanske mera p\u00e5 flickan som gick s\u00f6rjande p\u00e5 Em. Hur som helst, kaptenen bevarade emellertid breven fr\u00e5n Marie Th\u00e9r\u00e9se.<\/p>\n<p>Efter Adam Fredriks d\u00f6d kom en del av hans tillh\u00f6righeter till Byestad. D\u00e4r fanns bl.a. den st\u00e5tliga oljem\u00e5lningen som nu h\u00e4nger i Gamla Bankg\u00e5rden i Vrigstad och som visar Adam Fredrik brynt av Egyptens sol och i teatraliskt stridslysten attityd med kroksabeln vid sidan och med den trogne nubiern bland stegrande h\u00e4star i bakgrunden.<\/p>\n<p>Varf\u00f6r h\u00e4nger d\u00e5 tavlan i Dahlska l\u00e4genheten i Gamla Bankg\u00e5rden i Vrigstad? Jo, Adam Fredrik var n\u00e4mligen bror till Anna Dahls mormors mor och tavlan har g\u00e5tt i arv p\u00e5 Annas sida. Tavlan sk\u00e4nktes till Bankg\u00e5rden av Elisabeth Ralf, Stockholm, som \u00e4r barnbarn till kronol\u00e4nsmannen Alfred Dahl och hans hustru Anna, f\u00f6dd Pont\u00e9n, prostdotter fr\u00e5n \u00d6sterkorsberga. Elisabeth ville att tavlan skulle h\u00e4nga p\u00e5 den plats d\u00e4r den alltid h\u00e4ngt s\u00e5 l\u00e4nge Elisabeth kan minnas.<\/p>\n","protected":false},"excerpt":{"rendered":"<p>I f\u00f6rmaket, i Dahlska v\u00e5ningen i Gamla Bankg\u00e5rden i Vrigstad, h\u00e4nger en imponerande oljem\u00e5lning i en lika imponerande ram. M\u00e5lningen<\/p>\n","protected":false},"author":1,"featured_media":0,"parent":0,"menu_order":0,"comment_status":"closed","ping_status":"closed","template":"","meta":{"colormag_page_container_layout":"default_layout","colormag_page_sidebar_layout":"default_layout","footnotes":""},"class_list":["post-66","page","type-page","status-publish","hentry"],"_links":{"self":[{"href":"https:\/\/bankgarden.se\/index.php?rest_route=\/wp\/v2\/pages\/66","targetHints":{"allow":["GET"]}}],"collection":[{"href":"https:\/\/bankgarden.se\/index.php?rest_route=\/wp\/v2\/pages"}],"about":[{"href":"https:\/\/bankgarden.se\/index.php?rest_route=\/wp\/v2\/types\/page"}],"author":[{"embeddable":true,"href":"https:\/\/bankgarden.se\/index.php?rest_route=\/wp\/v2\/users\/1"}],"replies":[{"embeddable":true,"href":"https:\/\/bankgarden.se\/index.php?rest_route=%2Fwp%2Fv2%2Fcomments&post=66"}],"version-history":[{"count":4,"href":"https:\/\/bankgarden.se\/index.php?rest_route=\/wp\/v2\/pages\/66\/revisions"}],"predecessor-version":[{"id":971,"href":"https:\/\/bankgarden.se\/index.php?rest_route=\/wp\/v2\/pages\/66\/revisions\/971"}],"wp:attachment":[{"href":"https:\/\/bankgarden.se\/index.php?rest_route=%2Fwp%2Fv2%2Fmedia&parent=66"}],"curies":[{"name":"wp","href":"https:\/\/api.w.org\/{rel}","templated":true}]}}